{"id":300,"date":"2022-06-07T20:17:59","date_gmt":"2022-06-07T18:17:59","guid":{"rendered":"https:\/\/menschmusik.de\/?page_id=300"},"modified":"2026-01-18T15:12:09","modified_gmt":"2026-01-18T14:12:09","slug":"pedagogia-instrumental","status":"publish","type":"page","link":"https:\/\/menschmusik.de\/es\/pedagogia-instrumental\/","title":{"rendered":"Pedagog\u00eda instrumental"},"content":{"rendered":"<div class=\"wpb-content-wrapper\"><p>[vc_row][vc_column css=&#8221;.vc_custom_1653915704574{margin-bottom: 0px !important;}&#8221;][vc_empty_space height=&#8221;40px&#8221;][vc_row_inner][vc_column_inner width=&#8221;1\/12&#8243; el_class=&#8221;head-under&#8221;][vc_column_text][\/vc_column_text][\/vc_column_inner][vc_column_inner width=&#8221;10\/12&#8243;][vc_column_text el_class=&#8221;sub-navi-top&#8221;]<a class=\"active\" href=\"https:\/\/menschmusik.de\/es\/pedagogia-instrumental\/\">Pedagog\u00eda instrumental<\/a> <a href=\"https:\/\/menschmusik.de\/es\/pedagogia-musical-elemental\/\">Pedagog\u00eda musical elemental<\/a> <a href=\"https:\/\/menschmusik.de\/es\/pedagogia-vocal\/\">Pedagog\u00eda vocal<\/a> <a href=\"https:\/\/menschmusik.de\/es\/docente-de-musica\/\">Docente\u00a0de\u00a0m\u00fasica<\/a>[\/vc_column_text][\/vc_column_inner][vc_column_inner width=&#8221;1\/12&#8243;][\/vc_column_inner][\/vc_row_inner][\/vc_column][\/vc_row][vc_row][vc_column][vc_row_inner][vc_column_inner width=&#8221;1\/12&#8243; el_class=&#8221;head-under&#8221;][vc_column_text el_class=&#8221;unterstrich&#8221;]\u00a0[\/vc_column_text][\/vc_column_inner][vc_column_inner width=&#8221;10\/12&#8243;][vc_column_text]<\/p>\n<h2>Pedagog\u00eda instrumental<br \/>\nFormac\u00edon profesional<\/h2>\n<p>[\/vc_column_text][vc_empty_space height=&#8221;5px&#8221;][vc_column_text]<span style=\"font-size: 26px; font-weight: 200;\">Nunca toques una nota que no venga de, ni vaya a ning\u00fan lugar.<\/span> <span style=\"font-size: 20px;\">Isaac Stern<\/span>[\/vc_column_text][vc_empty_space height=&#8221;15px&#8221;][vc_column_text css=&#8221;&#8221;]<strong>Formaci\u00f3n profesional, Pedagog\u00eda instrumental<\/strong><br \/>\n\u00bfDisfrutas de la m\u00fasica y quieres transmitir este goce a otras personas? \u00bfTocas un instrumento y quieres desarrollar tus cualidades art\u00edsticas, dar conciertos, tocar en conjunto, ahondar en tus preguntas sobre la relaci\u00f3n del ser humano y la m\u00fasica? Nuestro programa de estudios en Pedagog\u00eda instrumental podr\u00eda ser exactamente lo que est\u00e1s buscando.<\/p>\n<p>El plan de estudios est\u00e1 estrechamente relacionado con la realizaci\u00f3n de proyectos y concebido en cercan\u00eda a la pr\u00e1ctica pedag\u00f3gica. La estructura curricular est\u00e1 concebida desde la interdisciplinariedad, adem\u00e1s conocer\u00e1s principios de la antroposof\u00eda de Rudolf Steiner. A partir del segundo a\u00f1o tendr\u00e1s pr\u00e1cticas de ense\u00f1anza y realizar\u00e1s tu propio concierto. As\u00ed podr\u00e1s prepararte para las exigencias de tu actividad profesional futura como m\u00fasico\/a independiente y como pedagogo\/a.<\/p>\n<p><strong>Asignaturas<\/strong><br \/>\nInstrumento principal, Instrumento secundario (Piano y\/o canto), Pedagog\u00eda instrumental, Pedagog\u00eda de conciertos, Did\u00e1ctica, Antroposof\u00eda, M\u00fasica de c\u00e1mara, T\u00e9cnicas de escritura, Entrenamiento auditivo, Teor\u00eda de la m\u00fasica, Historia de la m\u00fasica, Formas musicales, Direcci\u00f3n coral y de ensambles, Fenomenolog\u00eda musical, Euritmia, Teatro, Gesti\u00f3n de proyectos\/conciertos.<\/p>\n<p><strong>No es UN estudio, es TU estudio<\/strong><br \/>\nEl\/la estudiante establece sus prioridades.<br \/>\nAprendizaje a trav\u00e9s de proyectos: \u00abInvolve me and I learn\u00bb<br \/>\nAcompa\u00f1amiento de un\/a mentor\/a<\/p>\n<p><strong>Pedagog\u00eda Instrumental en MenschMusik Hamburg<\/strong><br \/>\nArte y pedagog\u00eda \u2013 pedagog\u00eda como arte.<br \/>\nAntroposof\u00eda como base de la pedagog\u00eda.<br \/>\nFenomenolog\u00eda musical como m\u00e9todo interdisciplinar.<\/p>\n<p><strong>Duraci\u00f3n del estudio<\/strong><br \/>\n3 a\u00f1os<\/p>\n<p><strong>Requerimientos<\/strong><br \/>\nContenido de la prueba de admisi\u00f3n:<br \/>\n\u2013 Audici\u00f3n de instrumento principal \/ canto con tres piezas de diferente estil\u00edstica. Lectura a primera vista.<br \/>\n\u2013 Conocimientos b\u00e1sicos de piano u otro instrumento arm\u00f3nico.<br \/>\n\u2013 Examen oral de teor\u00eda de la m\u00fasica y entrenamiento auditivo.<br \/>\n\u2013 Entrevista<\/p>\n<p><strong>Estructura del estudio (documentos en alem\u00e1n)<\/strong><br \/>\n<a href=\"https:\/\/menschmusik.de\/wp-content\/uploads\/IP_Curriculum_Instrumentalpaedagogik.pdf\" target=\"_blank\" rel=\"noopener\">Curriculum Instrumentalp\u00e4dagogik<\/a><br \/>\n<a href=\"https:\/\/menschmusik.de\/wp-content\/uploads\/IP_Strukturplan_Instrumentalpaedagogik.pdf\" target=\"_blank\" rel=\"noopener\">Strukturplan der Ausbildung<\/a><br \/>\n<a href=\"https:\/\/menschmusik.de\/wp-content\/uploads\/Allgemeine_Pruefungsordnung.pdf\" target=\"_blank\" rel=\"noopener\">Allgemeine Pr\u00fcfungsordnung<\/a><\/p>\n<p><strong>Titulaci\u00f3n<\/strong><br \/>\nT\u00edtulo acreditado (Qualifikation) como m\u00fasico\/a independiente y profesor\/a de instrumento.<\/p>\n<p><strong>Reconocimiento oficial (BAf\u00f6G-Anerkennung)<\/strong><br \/>\nEl programa de estudios en Pedagog\u00eda instrumental (Instrumentalp\u00e4dagogik) cuenta desde el 1ro de enero de 2011 con el reconocimiento oficial de la Oficina de Cultura de Hamburgo (Kulturbeh\u00f6rde Hamburg). Por tal raz\u00f3n es compatible con las becas de formaci\u00f3n de la Ley Federal de Fomento de la Formaci\u00f3n (BAf\u00f6G) para las personas que cumplan con los requisitos fijados en dicha ley.<\/p>\n<p><strong>Inicio de estudios<\/strong><br \/>\n21 de septiembre de 2026<\/p>\n<p><strong>Contacto<\/strong><br \/>\nDirecci\u00f3n del programa: Barbara Hanssen, <a href=\"mailto:info@menschmusik.de\">info@menschmusik.de<\/a>[\/vc_column_text][vc_empty_space height=&#8221;100px&#8221;][vc_column_text el_class=&#8221;sub-navi&#8221;]<a href=\"https:\/\/menschmusik.de\/es\/maestros\/\">Maestros<\/a> <a href=\"https:\/\/menschmusik.de\/es\/objetivos\/\">Objetivos<\/a> <a href=\"https:\/\/menschmusik.de\/es\/medios\/\">Medios<\/a> <a href=\"https:\/\/menschmusik.de\/es\/matricula-y-ayuda-financiera\/\">Matr\u00edcula\u00a0y\u00a0ayuda\u00a0financiera<\/a><br \/>\n<a href=\"https:\/\/menschmusik.de\/es\/admisiones\/\">Admisiones<\/a>[\/vc_column_text][\/vc_column_inner][vc_column_inner width=&#8221;1\/12&#8243;][\/vc_column_inner][\/vc_row_inner][\/vc_column][\/vc_row][vc_row][vc_column][vc_empty_space height=&#8221;100px&#8221;][\/vc_column][\/vc_row]<\/p>\n<\/div>","protected":false},"excerpt":{"rendered":"<p>[vc_row][vc_column css=&#8221;.vc_custom_1653915704574{margin-bottom: 0px !important;}&#8221;][vc_empty_space height=&#8221;40px&#8221;][vc_row_inner][vc_column_inner width=&#8221;1\/12&#8243; el_class=&#8221;head-under&#8221;][vc_column_text][\/vc_column_text][\/vc_column_inner][vc_column_inner width=&#8221;10\/12&#8243;][vc_column_text el_class=&#8221;sub-navi-top&#8221;]Pedagog\u00eda instrumental Pedagog\u00eda musical elemental Pedagog\u00eda vocal Docente\u00a0de\u00a0m\u00fasica[\/vc_column_text][\/vc_column_inner][vc_column_inner width=&#8221;1\/12&#8243;][\/vc_column_inner][\/vc_row_inner][\/vc_column][\/vc_row][vc_row][vc_column][vc_row_inner][vc_column_inner width=&#8221;1\/12&#8243; el_class=&#8221;head-under&#8221;][vc_column_text el_class=&#8221;unterstrich&#8221;]\u00a0[\/vc_column_text][\/vc_column_inner][vc_column_inner width=&#8221;10\/12&#8243;][vc_column_text] Pedagog\u00eda instrumental Formac\u00edon profesional [\/vc_column_text][vc_empty_space height=&#8221;5px&#8221;][vc_column_text]Nunca toques una nota que no venga de, ni vaya a ning\u00fan lugar. Isaac Stern[\/vc_column_text][vc_empty_space height=&#8221;15px&#8221;][vc_column_text css=&#8221;&#8221;]Formaci\u00f3n profesional, Pedagog\u00eda instrumental \u00bfDisfrutas de la m\u00fasica y quieres transmitir este goce [&hellip;]<\/p>\n","protected":false},"author":2,"featured_media":0,"parent":0,"menu_order":0,"comment_status":"closed","ping_status":"closed","template":"","meta":{"_acf_changed":false,"inline_featured_image":false,"footnotes":""},"class_list":["post-300","page","type-page","status-publish","hentry"],"acf":[],"yoast_head":"<!-- This site is optimized with the Yoast SEO plugin v26.5 - https:\/\/yoast.com\/wordpress\/plugins\/seo\/ -->\n<title>Pedagog\u00eda instrumental - MenschMusik Hamburg - Freie Musikakademie, Studium, Konzert, Forschung<\/title>\n<meta name=\"robots\" content=\"index, follow, max-snippet:-1, max-image-preview:large, max-video-preview:-1\" \/>\n<link rel=\"canonical\" href=\"https:\/\/menschmusik.de\/es\/pedagogia-instrumental\/\" \/>\n<meta property=\"og:locale\" content=\"es_ES\" \/>\n<meta property=\"og:type\" content=\"article\" \/>\n<meta property=\"og:title\" content=\"Pedagog\u00eda instrumental - MenschMusik Hamburg - Freie Musikakademie, Studium, Konzert, Forschung\" \/>\n<meta property=\"og:description\" content=\"[vc_row][vc_column css=&#8221;.vc_custom_1653915704574{margin-bottom: 0px !important;}&#8221;][vc_empty_space height=&#8221;40px&#8221;][vc_row_inner][vc_column_inner width=&#8221;1\/12&#8243; el_class=&#8221;head-under&#8221;][vc_column_text][\/vc_column_text][\/vc_column_inner][vc_column_inner width=&#8221;10\/12&#8243;][vc_column_text el_class=&#8221;sub-navi-top&#8221;]Pedagog\u00eda instrumental Pedagog\u00eda musical elemental Pedagog\u00eda vocal Docente\u00a0de\u00a0m\u00fasica[\/vc_column_text][\/vc_column_inner][vc_column_inner width=&#8221;1\/12&#8243;][\/vc_column_inner][\/vc_row_inner][\/vc_column][\/vc_row][vc_row][vc_column][vc_row_inner][vc_column_inner width=&#8221;1\/12&#8243; el_class=&#8221;head-under&#8221;][vc_column_text el_class=&#8221;unterstrich&#8221;]\u00a0[\/vc_column_text][\/vc_column_inner][vc_column_inner width=&#8221;10\/12&#8243;][vc_column_text] Pedagog\u00eda instrumental Formac\u00edon profesional [\/vc_column_text][vc_empty_space height=&#8221;5px&#8221;][vc_column_text]Nunca toques una nota que no venga de, ni vaya a ning\u00fan lugar. Isaac Stern[\/vc_column_text][vc_empty_space height=&#8221;15px&#8221;][vc_column_text css=&#8221;&#8221;]Formaci\u00f3n profesional, Pedagog\u00eda instrumental \u00bfDisfrutas de la m\u00fasica y quieres transmitir este goce [&hellip;]\" \/>\n<meta property=\"og:url\" content=\"https:\/\/menschmusik.de\/es\/pedagogia-instrumental\/\" \/>\n<meta property=\"og:site_name\" content=\"MenschMusik Hamburg - Freie Musikakademie, Studium, Konzert, Forschung\" \/>\n<meta property=\"article:modified_time\" content=\"2026-01-18T14:12:09+00:00\" \/>\n<meta name=\"twitter:card\" content=\"summary_large_image\" \/>\n<meta name=\"twitter:label1\" content=\"Tiempo de lectura\" \/>\n\t<meta name=\"twitter:data1\" content=\"3 minutos\" \/>\n<script type=\"application\/ld+json\" class=\"yoast-schema-graph\">{\"@context\":\"https:\/\/schema.org\",\"@graph\":[{\"@type\":\"WebPage\",\"@id\":\"https:\/\/menschmusik.de\/es\/pedagogia-instrumental\/\",\"url\":\"https:\/\/menschmusik.de\/es\/pedagogia-instrumental\/\",\"name\":\"Pedagog\u00eda instrumental - MenschMusik Hamburg - Freie Musikakademie, Studium, Konzert, Forschung\",\"isPartOf\":{\"@id\":\"https:\/\/menschmusik.de\/#website\"},\"datePublished\":\"2022-06-07T18:17:59+00:00\",\"dateModified\":\"2026-01-18T14:12:09+00:00\",\"breadcrumb\":{\"@id\":\"https:\/\/menschmusik.de\/es\/pedagogia-instrumental\/#breadcrumb\"},\"inLanguage\":\"es\",\"potentialAction\":[{\"@type\":\"ReadAction\",\"target\":[\"https:\/\/menschmusik.de\/es\/pedagogia-instrumental\/\"]}]},{\"@type\":\"BreadcrumbList\",\"@id\":\"https:\/\/menschmusik.de\/es\/pedagogia-instrumental\/#breadcrumb\",\"itemListElement\":[{\"@type\":\"ListItem\",\"position\":1,\"name\":\"Startseite\",\"item\":\"https:\/\/menschmusik.de\/\"},{\"@type\":\"ListItem\",\"position\":2,\"name\":\"Pedagog\u00eda instrumental\"}]},{\"@type\":\"WebSite\",\"@id\":\"https:\/\/menschmusik.de\/#website\",\"url\":\"https:\/\/menschmusik.de\/\",\"name\":\"MenschMusik Hamburg - Freie Musikakademie, Studium, Konzert, Forschung\",\"description\":\"\",\"potentialAction\":[{\"@type\":\"SearchAction\",\"target\":{\"@type\":\"EntryPoint\",\"urlTemplate\":\"https:\/\/menschmusik.de\/?s={search_term_string}\"},\"query-input\":{\"@type\":\"PropertyValueSpecification\",\"valueRequired\":true,\"valueName\":\"search_term_string\"}}],\"inLanguage\":\"es\"}]}<\/script>\n<!-- \/ Yoast SEO plugin. -->","yoast_head_json":{"title":"Pedagog\u00eda instrumental - MenschMusik Hamburg - Freie Musikakademie, Studium, Konzert, Forschung","robots":{"index":"index","follow":"follow","max-snippet":"max-snippet:-1","max-image-preview":"max-image-preview:large","max-video-preview":"max-video-preview:-1"},"canonical":"https:\/\/menschmusik.de\/es\/pedagogia-instrumental\/","og_locale":"es_ES","og_type":"article","og_title":"Pedagog\u00eda instrumental - MenschMusik Hamburg - Freie Musikakademie, Studium, Konzert, Forschung","og_description":"[vc_row][vc_column css=&#8221;.vc_custom_1653915704574{margin-bottom: 0px !important;}&#8221;][vc_empty_space height=&#8221;40px&#8221;][vc_row_inner][vc_column_inner width=&#8221;1\/12&#8243; el_class=&#8221;head-under&#8221;][vc_column_text][\/vc_column_text][\/vc_column_inner][vc_column_inner width=&#8221;10\/12&#8243;][vc_column_text el_class=&#8221;sub-navi-top&#8221;]Pedagog\u00eda instrumental Pedagog\u00eda musical elemental Pedagog\u00eda vocal Docente\u00a0de\u00a0m\u00fasica[\/vc_column_text][\/vc_column_inner][vc_column_inner width=&#8221;1\/12&#8243;][\/vc_column_inner][\/vc_row_inner][\/vc_column][\/vc_row][vc_row][vc_column][vc_row_inner][vc_column_inner width=&#8221;1\/12&#8243; el_class=&#8221;head-under&#8221;][vc_column_text el_class=&#8221;unterstrich&#8221;]\u00a0[\/vc_column_text][\/vc_column_inner][vc_column_inner width=&#8221;10\/12&#8243;][vc_column_text] Pedagog\u00eda instrumental Formac\u00edon profesional [\/vc_column_text][vc_empty_space height=&#8221;5px&#8221;][vc_column_text]Nunca toques una nota que no venga de, ni vaya a ning\u00fan lugar. Isaac Stern[\/vc_column_text][vc_empty_space height=&#8221;15px&#8221;][vc_column_text css=&#8221;&#8221;]Formaci\u00f3n profesional, Pedagog\u00eda instrumental \u00bfDisfrutas de la m\u00fasica y quieres transmitir este goce [&hellip;]","og_url":"https:\/\/menschmusik.de\/es\/pedagogia-instrumental\/","og_site_name":"MenschMusik Hamburg - Freie Musikakademie, Studium, Konzert, Forschung","article_modified_time":"2026-01-18T14:12:09+00:00","twitter_card":"summary_large_image","twitter_misc":{"Tiempo de lectura":"3 minutos"},"schema":{"@context":"https:\/\/schema.org","@graph":[{"@type":"WebPage","@id":"https:\/\/menschmusik.de\/es\/pedagogia-instrumental\/","url":"https:\/\/menschmusik.de\/es\/pedagogia-instrumental\/","name":"Pedagog\u00eda instrumental - MenschMusik Hamburg - Freie Musikakademie, Studium, Konzert, Forschung","isPartOf":{"@id":"https:\/\/menschmusik.de\/#website"},"datePublished":"2022-06-07T18:17:59+00:00","dateModified":"2026-01-18T14:12:09+00:00","breadcrumb":{"@id":"https:\/\/menschmusik.de\/es\/pedagogia-instrumental\/#breadcrumb"},"inLanguage":"es","potentialAction":[{"@type":"ReadAction","target":["https:\/\/menschmusik.de\/es\/pedagogia-instrumental\/"]}]},{"@type":"BreadcrumbList","@id":"https:\/\/menschmusik.de\/es\/pedagogia-instrumental\/#breadcrumb","itemListElement":[{"@type":"ListItem","position":1,"name":"Startseite","item":"https:\/\/menschmusik.de\/"},{"@type":"ListItem","position":2,"name":"Pedagog\u00eda instrumental"}]},{"@type":"WebSite","@id":"https:\/\/menschmusik.de\/#website","url":"https:\/\/menschmusik.de\/","name":"MenschMusik Hamburg - Freie Musikakademie, Studium, Konzert, Forschung","description":"","potentialAction":[{"@type":"SearchAction","target":{"@type":"EntryPoint","urlTemplate":"https:\/\/menschmusik.de\/?s={search_term_string}"},"query-input":{"@type":"PropertyValueSpecification","valueRequired":true,"valueName":"search_term_string"}}],"inLanguage":"es"}]}},"_links":{"self":[{"href":"https:\/\/menschmusik.de\/es\/wp-json\/wp\/v2\/pages\/300","targetHints":{"allow":["GET"]}}],"collection":[{"href":"https:\/\/menschmusik.de\/es\/wp-json\/wp\/v2\/pages"}],"about":[{"href":"https:\/\/menschmusik.de\/es\/wp-json\/wp\/v2\/types\/page"}],"author":[{"embeddable":true,"href":"https:\/\/menschmusik.de\/es\/wp-json\/wp\/v2\/users\/2"}],"replies":[{"embeddable":true,"href":"https:\/\/menschmusik.de\/es\/wp-json\/wp\/v2\/comments?post=300"}],"version-history":[{"count":17,"href":"https:\/\/menschmusik.de\/es\/wp-json\/wp\/v2\/pages\/300\/revisions"}],"predecessor-version":[{"id":9114,"href":"https:\/\/menschmusik.de\/es\/wp-json\/wp\/v2\/pages\/300\/revisions\/9114"}],"wp:attachment":[{"href":"https:\/\/menschmusik.de\/es\/wp-json\/wp\/v2\/media?parent=300"}],"curies":[{"name":"wp","href":"https:\/\/api.w.org\/{rel}","templated":true}]}}